{"version":"1.0","provider_name":"Fokus Nordic -tilat","provider_url":"https:\/\/fokusnordictilat.fi\/en\/","author_name":"fokus_admin","author_url":"https:\/\/fokusnordictilat.fi\/en\/author\/fokus_admin\/","title":"\u00c4im\u00e4kuja 6, Varasto 314 m2 - Fokus Nordic -tilat","type":"rich","width":600,"height":338,"html":"<blockquote class=\"wp-embedded-content\" data-secret=\"MfE0Fmvwid\"><a href=\"https:\/\/fokusnordictilat.fi\/en\/vapaat-toimitilat\/aimakuja-6-varasto-314-m2\/\">\u00c4im\u00e4kuja 6, Varasto 314 m2<\/a><\/blockquote><iframe sandbox=\"allow-scripts\" security=\"restricted\" src=\"https:\/\/fokusnordictilat.fi\/en\/vapaat-toimitilat\/aimakuja-6-varasto-314-m2\/embed\/#?secret=MfE0Fmvwid\" width=\"600\" height=\"338\" title=\"&#8220;\u00c4im\u00e4kuja 6, Varasto 314 m2&#8221; &#8212; Fokus Nordic -tilat\" data-secret=\"MfE0Fmvwid\" frameborder=\"0\" marginwidth=\"0\" marginheight=\"0\" scrolling=\"no\" class=\"wp-embedded-content\"><\/iframe><script type=\"text\/javascript\">\n\/* <![CDATA[ *\/\n\/*! This file is auto-generated *\/\n!function(d,l){\"use strict\";l.querySelector&&d.addEventListener&&\"undefined\"!=typeof URL&&(d.wp=d.wp||{},d.wp.receiveEmbedMessage||(d.wp.receiveEmbedMessage=function(e){var t=e.data;if((t||t.secret||t.message||t.value)&&!\/[^a-zA-Z0-9]\/.test(t.secret)){for(var s,r,n,a=l.querySelectorAll('iframe[data-secret=\"'+t.secret+'\"]'),o=l.querySelectorAll('blockquote[data-secret=\"'+t.secret+'\"]'),c=new RegExp(\"^https?:$\",\"i\"),i=0;i<o.length;i++)o[i].style.display=\"none\";for(i=0;i<a.length;i++)s=a[i],e.source===s.contentWindow&&(s.removeAttribute(\"style\"),\"height\"===t.message?(1e3<(r=parseInt(t.value,10))?r=1e3:~~r<200&&(r=200),s.height=r):\"link\"===t.message&&(r=new URL(s.getAttribute(\"src\")),n=new URL(t.value),c.test(n.protocol))&&n.host===r.host&&l.activeElement===s&&(d.top.location.href=t.value))}},d.addEventListener(\"message\",d.wp.receiveEmbedMessage,!1),l.addEventListener(\"DOMContentLoaded\",function(){for(var e,t,s=l.querySelectorAll(\"iframe.wp-embedded-content\"),r=0;r<s.length;r++)(t=(e=s[r]).getAttribute(\"data-secret\"))||(t=Math.random().toString(36).substring(2,12),e.src+=\"#?secret=\"+t,e.setAttribute(\"data-secret\",t)),e.contentWindow.postMessage({message:\"ready\",secret:t},\"*\")},!1)))}(window,document);\n\/\/# sourceURL=https:\/\/fokusnordictilat.fi\/wp-includes\/js\/wp-embed.min.js\n\/* ]]> *\/\n<\/script>\n","thumbnail_url":"https:\/\/fokusnordictilat.fi\/wp-content\/uploads\/2025\/12\/Toimisto-Oulu-Aimakuja-2-krs-vapaat-toimitilat_liikuntatilat_21.1.2026.jpg","thumbnail_width":1984,"thumbnail_height":1403,"description":"Pitk\u00e4 ja k\u00e4yt\u00e4nn\u00f6llinen kylm\u00e4 varastotila Oulussa Vuokrattavana kylm\u00e4 varastotila Oulussa, osoitteessa \u00c4im\u00e4kuja 6. Tila sijaitsee 1. kerroksessa ja soveltuu erinomaisesti varastointiin sek\u00e4 yritystoiminnan tukitilaksi, jossa ei tarvita l\u00e4mmitetty\u00e4 tilaa. Varaston pinta-ala on 314 m\u00b2 (tila nro 105a). Tilan pitk\u00e4n ja selke\u00e4n muodon ansiosta se soveltuu hyvin esimerkiksi lava- tai pitk\u00e4n&hellip;"}