{"version":"1.0","provider_name":"Fokus Nordic -tilat","provider_url":"https:\/\/fokusnordictilat.fi\/en\/","author_name":"fokus_admin","author_url":"https:\/\/fokusnordictilat.fi\/en\/author\/fokus_admin\/","title":"\u00c4im\u00e4kuja 6, Varastotila 253 m2 - Fokus Nordic -tilat","type":"rich","width":600,"height":338,"html":"<blockquote class=\"wp-embedded-content\" data-secret=\"jhFJfdVOlg\"><a href=\"https:\/\/fokusnordictilat.fi\/en\/vapaat-toimitilat\/aimakuja-6-varastotila-253-m2\/\">\u00c4im\u00e4kuja 6, Varastotila 253 m2<\/a><\/blockquote><iframe sandbox=\"allow-scripts\" security=\"restricted\" src=\"https:\/\/fokusnordictilat.fi\/en\/vapaat-toimitilat\/aimakuja-6-varastotila-253-m2\/embed\/#?secret=jhFJfdVOlg\" width=\"600\" height=\"338\" title=\"&#8220;\u00c4im\u00e4kuja 6, Varastotila 253 m2&#8221; &#8212; Fokus Nordic -tilat\" data-secret=\"jhFJfdVOlg\" frameborder=\"0\" marginwidth=\"0\" marginheight=\"0\" scrolling=\"no\" class=\"wp-embedded-content\"><\/iframe><script type=\"text\/javascript\">\n\/* <![CDATA[ *\/\n\/*! This file is auto-generated *\/\n!function(d,l){\"use strict\";l.querySelector&&d.addEventListener&&\"undefined\"!=typeof URL&&(d.wp=d.wp||{},d.wp.receiveEmbedMessage||(d.wp.receiveEmbedMessage=function(e){var t=e.data;if((t||t.secret||t.message||t.value)&&!\/[^a-zA-Z0-9]\/.test(t.secret)){for(var s,r,n,a=l.querySelectorAll('iframe[data-secret=\"'+t.secret+'\"]'),o=l.querySelectorAll('blockquote[data-secret=\"'+t.secret+'\"]'),c=new RegExp(\"^https?:$\",\"i\"),i=0;i<o.length;i++)o[i].style.display=\"none\";for(i=0;i<a.length;i++)s=a[i],e.source===s.contentWindow&&(s.removeAttribute(\"style\"),\"height\"===t.message?(1e3<(r=parseInt(t.value,10))?r=1e3:~~r<200&&(r=200),s.height=r):\"link\"===t.message&&(r=new URL(s.getAttribute(\"src\")),n=new URL(t.value),c.test(n.protocol))&&n.host===r.host&&l.activeElement===s&&(d.top.location.href=t.value))}},d.addEventListener(\"message\",d.wp.receiveEmbedMessage,!1),l.addEventListener(\"DOMContentLoaded\",function(){for(var e,t,s=l.querySelectorAll(\"iframe.wp-embedded-content\"),r=0;r<s.length;r++)(t=(e=s[r]).getAttribute(\"data-secret\"))||(t=Math.random().toString(36).substring(2,12),e.src+=\"#?secret=\"+t,e.setAttribute(\"data-secret\",t)),e.contentWindow.postMessage({message:\"ready\",secret:t},\"*\")},!1)))}(window,document);\n\/\/# sourceURL=https:\/\/fokusnordictilat.fi\/wp-includes\/js\/wp-embed.min.js\n\/* ]]> *\/\n<\/script>\n","thumbnail_url":"https:\/\/fokusnordictilat.fi\/wp-content\/uploads\/2025\/12\/Varasto-103_253-m2_1-scaled-1.jpg","thumbnail_width":2560,"thumbnail_height":1920,"description":"Joustavaa varastotilaa Oulussa \u2013 laajennettavissa tarpeesi mukaan Vuokrattavana k\u00e4yt\u00e4nn\u00f6llinen ja muuntojoustava varastotila Oulussa, osoitteessa \u00c4im\u00e4kuja 6. Kohde soveltuu erinomaisesti varastointiin ja yritystoiminnan tukitilaksi, ja tarjoaa mahdollisuuden kasvaa toiminnan mukana. Vapaa varastotila on 253 m\u00b2, ja kokonaisuutta on mahdollista laajentaa jopa 2 436 m\u00b2:n\u00a0saakka. T\u00e4m\u00e4 tekee tilasta erinomaisen vaihtoehdon niin pienemp\u00e4\u00e4n&hellip;"}