{"version":"1.0","provider_name":"Fokus Nordic -tilat","provider_url":"https:\/\/fokusnordictilat.fi\/en\/","author_name":"maria.mettovaara","author_url":"https:\/\/fokusnordictilat.fi\/en\/author\/maria-mettovaara\/","title":"\u00c4im\u00e4kuja 6, Varasto+toimisto 1444 m2 - Fokus Nordic -tilat","type":"rich","width":600,"height":338,"html":"<blockquote class=\"wp-embedded-content\" data-secret=\"fWq9KgpK2I\"><a href=\"https:\/\/fokusnordictilat.fi\/en\/vapaat-toimitilat\/aimakuja-6-varastotoimisto-1444-m2\/\">\u00c4im\u00e4kuja 6, Varasto+toimisto 1444 m2<\/a><\/blockquote><iframe sandbox=\"allow-scripts\" security=\"restricted\" src=\"https:\/\/fokusnordictilat.fi\/en\/vapaat-toimitilat\/aimakuja-6-varastotoimisto-1444-m2\/embed\/#?secret=fWq9KgpK2I\" width=\"600\" height=\"338\" title=\"&#8220;\u00c4im\u00e4kuja 6, Varasto+toimisto 1444 m2&#8221; &#8212; Fokus Nordic -tilat\" data-secret=\"fWq9KgpK2I\" frameborder=\"0\" marginwidth=\"0\" marginheight=\"0\" scrolling=\"no\" class=\"wp-embedded-content\"><\/iframe><script type=\"text\/javascript\">\n\/* <![CDATA[ *\/\n\/*! This file is auto-generated *\/\n!function(d,l){\"use strict\";l.querySelector&&d.addEventListener&&\"undefined\"!=typeof URL&&(d.wp=d.wp||{},d.wp.receiveEmbedMessage||(d.wp.receiveEmbedMessage=function(e){var t=e.data;if((t||t.secret||t.message||t.value)&&!\/[^a-zA-Z0-9]\/.test(t.secret)){for(var s,r,n,a=l.querySelectorAll('iframe[data-secret=\"'+t.secret+'\"]'),o=l.querySelectorAll('blockquote[data-secret=\"'+t.secret+'\"]'),c=new RegExp(\"^https?:$\",\"i\"),i=0;i<o.length;i++)o[i].style.display=\"none\";for(i=0;i<a.length;i++)s=a[i],e.source===s.contentWindow&&(s.removeAttribute(\"style\"),\"height\"===t.message?(1e3<(r=parseInt(t.value,10))?r=1e3:~~r<200&&(r=200),s.height=r):\"link\"===t.message&&(r=new URL(s.getAttribute(\"src\")),n=new URL(t.value),c.test(n.protocol))&&n.host===r.host&&l.activeElement===s&&(d.top.location.href=t.value))}},d.addEventListener(\"message\",d.wp.receiveEmbedMessage,!1),l.addEventListener(\"DOMContentLoaded\",function(){for(var e,t,s=l.querySelectorAll(\"iframe.wp-embedded-content\"),r=0;r<s.length;r++)(t=(e=s[r]).getAttribute(\"data-secret\"))||(t=Math.random().toString(36).substring(2,12),e.src+=\"#?secret=\"+t,e.setAttribute(\"data-secret\",t)),e.contentWindow.postMessage({message:\"ready\",secret:t},\"*\")},!1)))}(window,document);\n\/\/# sourceURL=https:\/\/fokusnordictilat.fi\/wp-includes\/js\/wp-embed.min.js\n\/* ]]> *\/\n<\/script>\n","thumbnail_url":"https:\/\/fokusnordictilat.fi\/wp-content\/uploads\/2026\/02\/Oulu-Aimakuja-6_1-krs.-varastotilat-2386-m2-678-m2-225-m2-371-m2-ja-toimisto-170-m2_10.2.2026.jpg","thumbnail_width":1984,"thumbnail_height":1403,"description":"Joustavaa varastotilaa Oulussa \u2013 jaettavissa tarpeen mukaan Vuokrattavana laaja ja monipuolinen varastokokonaisuus Oulussa, osoitteessa \u00c4im\u00e4kuja 6. Kiinteist\u00f6 tarjoaa erinomaiset puitteet varastointiin ja logistiikkaan, ja tilat ovat joustavasti jaettavissa k\u00e4ytt\u00e4j\u00e4n tarpeiden mukaan. Varastotilakokonaisuus omalla toimistolla! Varastotilan osuus 678 m\u00b2, 225 m\u00b2 ja 371 m\u00b2, yht. 1274 + toimistotila 170 m\u00b2, yht.&hellip;"}