{"version":"1.0","provider_name":"Fokus Nordic -tilat","provider_url":"https:\/\/fokusnordictilat.fi\/en\/","author_name":"fokus_admin","author_url":"https:\/\/fokusnordictilat.fi\/en\/author\/fokus_admin\/","title":"Nuutisarankatu 35, Toimisto 258.5 m2 - Fokus Nordic -tilat","type":"rich","width":600,"height":338,"html":"<blockquote class=\"wp-embedded-content\" data-secret=\"CxVLbeCFll\"><a href=\"https:\/\/fokusnordictilat.fi\/en\/vapaat-toimitilat\/nuutisarankatu-35-toimisto-258-5-m2\/\">Nuutisarankatu 35, Toimisto 258.5 m2<\/a><\/blockquote><iframe sandbox=\"allow-scripts\" security=\"restricted\" src=\"https:\/\/fokusnordictilat.fi\/en\/vapaat-toimitilat\/nuutisarankatu-35-toimisto-258-5-m2\/embed\/#?secret=CxVLbeCFll\" width=\"600\" height=\"338\" title=\"&#8220;Nuutisarankatu 35, Toimisto 258.5 m2&#8221; &#8212; Fokus Nordic -tilat\" data-secret=\"CxVLbeCFll\" frameborder=\"0\" marginwidth=\"0\" marginheight=\"0\" scrolling=\"no\" class=\"wp-embedded-content\"><\/iframe><script type=\"text\/javascript\">\n\/* <![CDATA[ *\/\n\/*! This file is auto-generated *\/\n!function(d,l){\"use strict\";l.querySelector&&d.addEventListener&&\"undefined\"!=typeof URL&&(d.wp=d.wp||{},d.wp.receiveEmbedMessage||(d.wp.receiveEmbedMessage=function(e){var t=e.data;if((t||t.secret||t.message||t.value)&&!\/[^a-zA-Z0-9]\/.test(t.secret)){for(var s,r,n,a=l.querySelectorAll('iframe[data-secret=\"'+t.secret+'\"]'),o=l.querySelectorAll('blockquote[data-secret=\"'+t.secret+'\"]'),c=new RegExp(\"^https?:$\",\"i\"),i=0;i<o.length;i++)o[i].style.display=\"none\";for(i=0;i<a.length;i++)s=a[i],e.source===s.contentWindow&&(s.removeAttribute(\"style\"),\"height\"===t.message?(1e3<(r=parseInt(t.value,10))?r=1e3:~~r<200&&(r=200),s.height=r):\"link\"===t.message&&(r=new URL(s.getAttribute(\"src\")),n=new URL(t.value),c.test(n.protocol))&&n.host===r.host&&l.activeElement===s&&(d.top.location.href=t.value))}},d.addEventListener(\"message\",d.wp.receiveEmbedMessage,!1),l.addEventListener(\"DOMContentLoaded\",function(){for(var e,t,s=l.querySelectorAll(\"iframe.wp-embedded-content\"),r=0;r<s.length;r++)(t=(e=s[r]).getAttribute(\"data-secret\"))||(t=Math.random().toString(36).substring(2,12),e.src+=\"#?secret=\"+t,e.setAttribute(\"data-secret\",t)),e.contentWindow.postMessage({message:\"ready\",secret:t},\"*\")},!1)))}(window,document);\n\/\/# sourceURL=https:\/\/fokusnordictilat.fi\/wp-includes\/js\/wp-embed.min.js\n\/* ]]> *\/\n<\/script>\n","thumbnail_url":"https:\/\/fokusnordictilat.fi\/wp-content\/uploads\/2026\/01\/Toimisto-2-krs_kuva-5_tekstilisays-scaled.jpg","thumbnail_width":1920,"thumbnail_height":2560,"description":"Vuokrattavana 258,5 m\u00b2 toimistotila erinomaisella sijainnilla Tampereen Sarankulmassa, L\u00e4ntisen keh\u00e4tien varrella. Toimistotila sijaitsee 2. kerroksessa ja ovat joustavasti muokattavissa eri tarpeisiin. Avotoimistotila on mahdollista vuokrata yhten\u00e4 kokonaisuutena tai jakaa 122 m\u00b2 ja 135 m\u00b2 kokoisiksi erillisiksi toimistoiksi. Kiinteist\u00f6n laajat piha-alueet tarjoavat runsaasti pys\u00e4k\u00f6intitilaa henkil\u00f6st\u00f6lle ja asiakkaille. Kohteessa toimii my\u00f6s suosittu&hellip;"}